{"id":1155,"date":"2026-09-02T17:11:58","date_gmt":"2026-09-02T15:11:58","guid":{"rendered":"https:\/\/reynal.etis-lab.fr\/?page_id=1155"},"modified":"2026-09-02T17:15:23","modified_gmt":"2026-09-02T15:15:23","slug":"philosophie-des-systemes-complexes-bachelor-human-it","status":"publish","type":"page","link":"https:\/\/reynal.etis-lab.fr\/?page_id=1155","title":{"rendered":"Philosophie des syst\u00e8mes complexes (Bachelor Human-IT)"},"content":{"rendered":"\n<p class=\"wp-block-paragraph\">Dans le cadre du <a href=\"https:\/\/www.ensea.fr\/formations\/bachelor-human-it\">Bachelor Human-IT de l&#8217;ENSEA,<\/a> ce cours vise \u00e0 permettre aux \u00e9tudiants d&#8217;appr\u00e9hender les concepts de r\u00e9seau et de dispositif socio-technique : approfondissement des connaissances th\u00e9oriques en termes d\u2019objets techniques complexes ; explicitation des interrelations entre un objet et son contexte environnemental, social et soci\u00e9tal, politique et \u00e9conomique. Le cours est structur\u00e9 autour de trois grandes parties : <\/p>\n\n\n\n<ul class=\"wp-block-list\">\n<li>Histoire et th\u00e9ories de l\u2019information et de la communication (cybern\u00e9tique, r\u00e9seaux, m\u00e9dias)<\/li>\n\n\n\n<li>Th\u00e9ories en philosophie critique (Peter-Paul Verbeek; Michel Foucault; Giorgio Agamben)<\/li>\n\n\n\n<li>Th\u00e9orie socio-technique des r\u00e9seaux (Pierre Musso, Pierre Bourdieu)<\/li>\n<\/ul>\n\n\n\n<p class=\"wp-block-paragraph\">Un accent est mis sur l&#8217;analyse de syst\u00e8mes complexes r\u00e9els prevenant de l&#8217;UE &#8220;Hardware et Technologie de l&#8217;Information&#8221;.<\/p>\n\n\n\n<p class=\"wp-block-paragraph\">Documents de cours et activit\u00e9s sur <a href=\"https:\/\/moodle.ensea.fr\/course\/view.php?id=1790\">https:\/\/moodle.ensea.fr\/course\/view.php?id=1790<\/a><\/p>\n","protected":false},"excerpt":{"rendered":"<p>Dans le cadre du Bachelor Human-IT de l&#8217;ENSEA, ce cours vise \u00e0 permettre aux \u00e9tudiants d&#8217;appr\u00e9hender les concepts de r\u00e9seau et de dispositif socio-technique : approfondissement des connaissances th\u00e9oriques en termes d\u2019objets techniques complexes ; explicitation des interrelations entre un objet et son contexte environnemental, social et soci\u00e9tal, politique et \u00e9conomique. Le cours est structur\u00e9 &hellip; <\/p>\n<p class=\"link-more\"><a href=\"https:\/\/reynal.etis-lab.fr\/?page_id=1155\" class=\"more-link\">Continue reading<span class=\"screen-reader-text\"> &#8220;Philosophie des syst\u00e8mes complexes (Bachelor Human-IT)&#8221;<\/span><\/a><\/p>\n","protected":false},"author":1,"featured_media":0,"parent":0,"menu_order":0,"comment_status":"closed","ping_status":"closed","template":"","meta":{"footnotes":""},"class_list":["post-1155","page","type-page","status-publish","hentry"],"_links":{"self":[{"href":"https:\/\/reynal.etis-lab.fr\/index.php?rest_route=\/wp\/v2\/pages\/1155","targetHints":{"allow":["GET"]}}],"collection":[{"href":"https:\/\/reynal.etis-lab.fr\/index.php?rest_route=\/wp\/v2\/pages"}],"about":[{"href":"https:\/\/reynal.etis-lab.fr\/index.php?rest_route=\/wp\/v2\/types\/page"}],"author":[{"embeddable":true,"href":"https:\/\/reynal.etis-lab.fr\/index.php?rest_route=\/wp\/v2\/users\/1"}],"replies":[{"embeddable":true,"href":"https:\/\/reynal.etis-lab.fr\/index.php?rest_route=%2Fwp%2Fv2%2Fcomments&post=1155"}],"version-history":[{"count":2,"href":"https:\/\/reynal.etis-lab.fr\/index.php?rest_route=\/wp\/v2\/pages\/1155\/revisions"}],"predecessor-version":[{"id":1159,"href":"https:\/\/reynal.etis-lab.fr\/index.php?rest_route=\/wp\/v2\/pages\/1155\/revisions\/1159"}],"wp:attachment":[{"href":"https:\/\/reynal.etis-lab.fr\/index.php?rest_route=%2Fwp%2Fv2%2Fmedia&parent=1155"}],"curies":[{"name":"wp","href":"https:\/\/api.w.org\/{rel}","templated":true}]}}